{"version":"1.0","type":"rich","width":"560px","height":"140px","title":"Warum wird so emotional \u00fcber Sprache diskutiert, Frau Delius? - Mara Delius ist Literaturkritikerin und leitet die Literarische Welt. Bei der Tagung des Deutschen Literaturfonds war sie Teilnehmerin der Runde \u00bbPolitical Correctness oder Literatur\u00ab. Wie hat Mara Delius die Veranstaltung erlebt?","url":"https:\/\/www.literaturcafe.de\/warum-wird-so-emotional-ueber-sprache-diskutiert-frau-delius\/","author_name":"literaturcafe.de - B\u00fccher lesen, B\u00fccher schreiben - Interviews, Tipps und akustische Eindr\u00fccke aus der Welt der B\u00fccher und H\u00f6rb\u00fccher.","author_url":"https:\/\/www.literaturcafe.de","thumbnail_url":"https:\/\/www.literaturcafe.de\/wp-content\/uploads\/literaturfonds_mara_delius-1.jpg","html":"<iframe width=\"560px\" height=\"140px\" src=\"https:\/\/www.literaturcafe.de\/warum-wird-so-emotional-ueber-sprache-diskutiert-frau-delius\/?standalonePlayer\"><\/iframe>"}